{"id":2760,"date":"2018-01-31T12:11:25","date_gmt":"2018-01-31T11:11:25","guid":{"rendered":"https:\/\/pattidigitaliarcoresi.prod.emberware.it\/?page_id=2760"},"modified":"2024-03-15T23:51:33","modified_gmt":"2024-03-15T22:51:33","slug":"pactes-numeriques-darcore","status":"publish","type":"page","link":"https:\/\/pattidigitaliarcoresi.it\/fr\/pactes-numeriques-darcore\/","title":{"rendered":"Pactes num\u00e9riques d&#8217;Arcore"},"content":{"rendered":"\n<p>Nous sommes un groupe de parents dont les enfants fr\u00e9quentent l&#8217;Institut Comprehensive d\u2019Arcore. Nous nous sommes demand\u00e9 comment nous pourrions mener \u00e0 bien notre t\u00e2che \u00e9ducative \u00e9galement en ce qui concerne l&#8217;\u00e9ducation num\u00e9rique et comment nous soutenir mutuellement dans certains choix \u00e0 cet \u00e9gard.&nbsp;<\/p>\n\n\n\n<p><strong>L&#8217;utilisation g\u00e9n\u00e9ralis\u00e9e des appareils mobiles, non seulement chez les adultes, mais aussi chez les plus jeunes, nous a amen\u00e9s \u00e0 nous poser quelques questions.&nbsp;<\/strong><\/p>\n\n\n\n<p>\u25cf Quel est le bon \u00e2ge pour commencer \u00e0 utiliser un appareil \u00e9lectronique ?&nbsp;<\/p>\n\n\n\n<p>\u25cf Combien de temps est-il pr\u00e9f\u00e9rable de laisser nos enfants devant un \u00e9cran ?&nbsp;<\/p>\n\n\n\n<p>\u25cf Comment g\u00e9rer l&#8217;acc\u00e8s au web et aux r\u00e9seaux sociaux, en essayant de \u00ab satisfaire \u00bb leurs demandes num\u00e9riques ?&nbsp;<\/p>\n\n\n\n<p>\u25cf Sommes-nous conscients des cons\u00e9quences possibles sur la sant\u00e9 physique et mentale de nos enfants ?&nbsp;<\/p>\n\n\n\n<p>\u25cf Y a-t-il des appareils plus appropri\u00e9s que d&#8217;autres ?&nbsp;<\/p>\n\n\n\n<p><strong>POURQUOI&nbsp;<\/strong><\/p>\n\n\n\n<p>La grande complexit\u00e9 de l&#8217;\u00e8re num\u00e9rique et son impact sur la croissance des enfants est l&#8217;un des plus grands d\u00e9fis pour les parents. Ces derni\u00e8res ann\u00e9es, de nombreux professionnels (psychoth\u00e9rapeutes, p\u00e9diatres, sociologues) ont soulign\u00e9 la pr\u00e9sence possible de risques li\u00e9s \u00e0 l&#8217;introduction pr\u00e9coce des smartphones et des \u00e9crans num\u00e9riques \u00e0 usage personnel et gratuit en termes de probl\u00e8mes possibles dans diff\u00e9rents domaines cognitifs, y compris l&#8217;attention et le langage. De plus, une association possible entre l&#8217;utilisation pr\u00e9coce d&#8217;appareils num\u00e9riques et l&#8217;apparition de probl\u00e8mes neurod\u00e9veloppementaux est de plus en plus r\u00e9pandue (TDAH par exemple).&nbsp;<\/p>\n\n\n\n<p>D\u00e8s lors, une r\u00e9flexion communautaire sur le bien-\u00eatre et la s\u00e9curit\u00e9 num\u00e9rique pour la mise en place d&#8217;une alliance \u00e9ducative est n\u00e9cessaire, \u00e0 commencer par les parents, qui se sentent n\u00e9anmoins seuls et incapables de soutenir des choix motiv\u00e9s comme retarder l&#8217;introduction des smartphones, par rapport au risque d&#8217;isolement \u00ab social \u00bb de leurs enfants (par les amis ou la classe). Cependant, percevoir que ces probl\u00e8mes sont \u00e9galement ressentis par d&#8217;autres parents, nous fait nous sentir moins seuls et le d\u00e9sir de nous informer et de nous doter d&#8217;outils ad\u00e9quats pour mener \u00e0 bien notre t\u00e2che \u00e9ducative du mieux grandit.&nbsp;<\/p>\n\n\n\n<p>Depuis quelques ann\u00e9es, il y a eu des exp\u00e9riences qui visent \u00e0 d\u00e9velopper ce que l&#8217;on appelle une bonne parentalit\u00e9 num\u00e9rique. Il s&#8217;agit du projet \u00ab Patti Digitali \u00bb (https:\/\/pattidigitali.it\/), promu par un centre de recherche de l&#8217;Universit\u00e9 de Bicocca, visant \u00e0 cr\u00e9er et \u00e0 d\u00e9velopper des r\u00e8gles communautaires pour l&#8217;utilisation de la technologie dans tout le pays. C&#8217;est ainsi qu&#8217;est n\u00e9e l&#8217;id\u00e9e d&#8217;un parcours pour le d\u00e9veloppement d&#8217;une plus grande conscience et responsabilit\u00e9 num\u00e9rique que nous avons appel\u00e9 \u00ab <strong>Patti digitali arcoresi <\/strong>\u00bb, il s&#8217;adresse aux parents de la maternelle, du primaire et du coll\u00e8ge d&#8217;Arcore.&nbsp;<\/p>\n\n\n\n<p><strong>OBJECTIFS<\/strong><\/p>\n\n\n\n<p>Avec le soutien de l&#8217;\u00e9cole, de la municipalit\u00e9 d&#8217;Arcore, des associations locales et en particulier du comit\u00e9 de parents, cr\u00e9er des opportunit\u00e9s d&#8217;\u00e9tude et de discussion approfondies pour accro\u00eetre l&#8217;attention, l&#8217;implication et la sensibilisation au monde num\u00e9rique.&nbsp;<\/p>\n\n\n\n<p>Acqu\u00e9rir des comp\u00e9tences num\u00e9riques, \u00e0 l&#8217;\u00e9cole et en famille, pour permettre aux gar\u00e7ons et aux filles de les accompagner en toute s\u00e9curit\u00e9 dans leur d\u00e9couverte du web.&nbsp;<\/p>\n\n\n\n<p>Cr\u00e9er un \u00ab pacte pour les parents \u00bb ou un ensemble de bonnes r\u00e8gles visant \u00e0 une utilisation responsable des appareils num\u00e9riques.&nbsp;<\/p>\n\n\n\n<p>Cr\u00e9er un r\u00e9seau, c&#8217;est-\u00e0-dire ne pas \u00eatre seul, mais cr\u00e9er une communaut\u00e9 unie (parents, \u00e9coles, p\u00e9diatres, institutions et autres contextes \u00e9ducatifs), qui peut s&#8217;unir autour des familles, pour r\u00e9ussir \u00e0 diffuser des strat\u00e9gies efficaces d&#8217;\u00e9ducation \u00e0 l&#8217;utilisation des nouvelles technologies.&nbsp;<\/p>\n\n\n\n<p><strong>PAR O\u00d9 COMMENCER ?&nbsp;<\/strong><\/p>\n\n\n\n<p>Pour commencer ce voyage ensemble, nous vous demandons de bien vouloir r\u00e9pondre \u00e0 ce sondage. Les r\u00e9ponses sont anonymes. Nous nous engageons \u00e0 partager avec vous les r\u00e9sultats de l&#8217;enqu\u00eate et \u00e0 vous informer p\u00e9riodiquement de l&#8217;\u00e9volution du projet d\u00e9crit.&nbsp;<\/p>\n\n\n\n<p><em>Nous vous remercions d\u2019avance de votre collaboration.&nbsp;<\/em><\/p>\n\n\n\n<p>Un merci sp\u00e9cial aux parents qui ont propos\u00e9 de traduire dans d&#8217;autres langues.<\/p>\n\n\n\n<p>Si vous souhaitez discuter ou obtenir plus de d\u00e9tails sur le projet, vous pouvez contacter le Comit\u00e9 Parents (<a href=\"mailto:info@pattidigitaliarcoresi.it\">info@pattidigitaliarcoresi.it<\/a>) ou directement avec nous:&nbsp;<\/p>\n\n\n\n<p>Chiara Aldiri\u00a0<br>Marzia Aloise\u00a0<br>Lorenzo Bellini\u00a0<br>Enrico Capuzzi\u00a0<br>Gemma Groppelli\u00a0<br>Elisa Lazzaroni\u00a0<br>Luca Manni\u00a0<br>Virna Parisi\u00a0<br>Letizia Rossi\u00a0<br>Federica Spreafico<\/p>\n\n\n\n<div class=\"wp-block-columns are-vertically-aligned-top is-layout-flex wp-container-core-columns-layout-1 wp-block-columns-is-layout-flex\">\n<div class=\"wp-block-column is-vertically-aligned-top is-layout-flow wp-block-column-is-layout-flow\" style=\"flex-basis:80%\">\n<h2 class=\"wp-block-heading has-text-align-center has-contrast-3-background-color has-background has-medium-font-size\">In collaborazione con<\/h2>\n\n\n\n<div class=\"wp-block-group is-content-justification-center is-nowrap is-layout-flex wp-container-core-group-layout-6 wp-block-group-is-layout-flex\">\n<div class=\"wp-block-group is-vertical is-content-justification-center is-layout-flex wp-container-core-group-layout-1 wp-block-group-is-layout-flex\">\n<figure class=\"wp-block-image size-full is-resized\"><img loading=\"lazy\" decoding=\"async\" width=\"189\" height=\"189\" src=\"https:\/\/pattidigitaliarcoresi.prod.emberware.it\/app\/uploads\/2023\/12\/comitato-genitori-arcore-edited.png\" alt=\"\" class=\"wp-image-2713\" style=\"width:100px\" srcset=\"https:\/\/pattidigitaliarcoresi.it\/app\/uploads\/2023\/12\/comitato-genitori-arcore-edited.png 189w, https:\/\/pattidigitaliarcoresi.it\/app\/uploads\/2023\/12\/comitato-genitori-arcore-edited-150x150.png 150w\" sizes=\"(max-width: 189px) 100vw, 189px\" \/><\/figure>\n\n\n\n<p>Comitato Genitori Arcore<\/p>\n<\/div>\n\n\n\n<div class=\"wp-block-group is-vertical is-content-justification-center is-layout-flex wp-container-core-group-layout-2 wp-block-group-is-layout-flex\">\n<figure class=\"wp-block-image size-full is-resized\"><img loading=\"lazy\" decoding=\"async\" width=\"132\" height=\"135\" src=\"https:\/\/pattidigitaliarcoresi.prod.emberware.it\/app\/uploads\/2023\/12\/logo-IC-Monginevro-Arcore.png\" alt=\"\" class=\"wp-image-2707\" style=\"width:100px\"\/><\/figure>\n\n\n\n<p>IC Monginevro Arcore<\/p>\n<\/div>\n\n\n\n<div class=\"wp-block-group is-vertical is-content-justification-center is-layout-flex wp-container-core-group-layout-3 wp-block-group-is-layout-flex\">\n<figure class=\"wp-block-image size-full is-resized\"><img loading=\"lazy\" decoding=\"async\" width=\"1213\" height=\"1207\" src=\"https:\/\/pattidigitaliarcoresi.it\/app\/uploads\/2024\/03\/scuola-Durini.jpg\" alt=\"\" class=\"wp-image-2965\" style=\"width:103px\" srcset=\"https:\/\/pattidigitaliarcoresi.it\/app\/uploads\/2024\/03\/scuola-Durini.jpg 1213w, https:\/\/pattidigitaliarcoresi.it\/app\/uploads\/2024\/03\/scuola-Durini-300x300.jpg 300w, https:\/\/pattidigitaliarcoresi.it\/app\/uploads\/2024\/03\/scuola-Durini-1024x1019.jpg 1024w, https:\/\/pattidigitaliarcoresi.it\/app\/uploads\/2024\/03\/scuola-Durini-150x150.jpg 150w, https:\/\/pattidigitaliarcoresi.it\/app\/uploads\/2024\/03\/scuola-Durini-768x764.jpg 768w\" sizes=\"(max-width: 1213px) 100vw, 1213px\" \/><\/figure>\n\n\n\n<p>Scuola dell&#8217;infanzia DURINI<\/p>\n<\/div>\n\n\n\n<div class=\"wp-block-group is-vertical is-content-justification-center is-layout-flex wp-container-core-group-layout-4 wp-block-group-is-layout-flex\">\n<figure class=\"wp-block-image size-full is-resized\"><img loading=\"lazy\" decoding=\"async\" width=\"816\" height=\"817\" src=\"https:\/\/pattidigitaliarcoresi.it\/app\/uploads\/2024\/04\/logo-peg-solo.jpg\" alt=\"\" class=\"wp-image-2970\" style=\"width:103px\" srcset=\"https:\/\/pattidigitaliarcoresi.it\/app\/uploads\/2024\/04\/logo-peg-solo.jpg 816w, https:\/\/pattidigitaliarcoresi.it\/app\/uploads\/2024\/04\/logo-peg-solo-300x300.jpg 300w, https:\/\/pattidigitaliarcoresi.it\/app\/uploads\/2024\/04\/logo-peg-solo-150x150.jpg 150w, https:\/\/pattidigitaliarcoresi.it\/app\/uploads\/2024\/04\/logo-peg-solo-768x769.jpg 768w\" sizes=\"(max-width: 816px) 100vw, 816px\" \/><\/figure>\n\n\n\n<p>Asilo<br>nido<br>PEREGO<\/p>\n<\/div>\n\n\n\n<div class=\"wp-block-group is-vertical is-content-justification-center is-layout-flex wp-container-core-group-layout-5 wp-block-group-is-layout-flex\">\n<figure class=\"wp-block-image size-full is-resized\"><img loading=\"lazy\" decoding=\"async\" width=\"444\" height=\"444\" src=\"https:\/\/pattidigitaliarcoresi.it\/app\/uploads\/2024\/04\/Logo-Dada.jpg\" alt=\"\" class=\"wp-image-2974\" style=\"width:103px\" srcset=\"https:\/\/pattidigitaliarcoresi.it\/app\/uploads\/2024\/04\/Logo-Dada.jpg 444w, https:\/\/pattidigitaliarcoresi.it\/app\/uploads\/2024\/04\/Logo-Dada-300x300.jpg 300w, https:\/\/pattidigitaliarcoresi.it\/app\/uploads\/2024\/04\/Logo-Dada-150x150.jpg 150w\" sizes=\"(max-width: 444px) 100vw, 444px\" \/><\/figure>\n\n\n\n<p>Nido e 3-6 anni<br>DAD\u00c0<\/p>\n<\/div>\n<\/div>\n<\/div>\n\n\n\n<div class=\"wp-block-column is-vertically-aligned-top is-layout-flow wp-block-column-is-layout-flow\" style=\"flex-basis:20%\">\n<h2 class=\"wp-block-heading has-text-align-center is-style-default has-contrast-3-background-color has-background has-medium-font-size\">Con il patrocinio di<\/h2>\n\n\n\n<figure class=\"wp-block-image aligncenter size-thumbnail is-resized\"><img loading=\"lazy\" decoding=\"async\" width=\"150\" height=\"150\" src=\"https:\/\/pattidigitaliarcoresi.it\/app\/uploads\/2023\/12\/logo-comune-arcore-150x150.png\" alt=\"\" class=\"wp-image-2719\" style=\"width:100px\" srcset=\"https:\/\/pattidigitaliarcoresi.it\/app\/uploads\/2023\/12\/logo-comune-arcore-150x150.png 150w, https:\/\/pattidigitaliarcoresi.it\/app\/uploads\/2023\/12\/logo-comune-arcore-300x300.png 300w, https:\/\/pattidigitaliarcoresi.it\/app\/uploads\/2023\/12\/logo-comune-arcore-768x768.png 768w, https:\/\/pattidigitaliarcoresi.it\/app\/uploads\/2023\/12\/logo-comune-arcore.png 1000w\" sizes=\"(max-width: 150px) 100vw, 150px\" \/><\/figure>\n\n\n\n<p class=\"has-text-align-center\">Comune di Arcore<\/p>\n<\/div>\n<\/div>\n","protected":false},"excerpt":{"rendered":"<p>Nous sommes un groupe de parents dont les enfants fr\u00e9quentent l&#8217;Institut Comprehensive d\u2019Arcore. Nous nous sommes demand\u00e9 comment nous pourrions mener \u00e0 bien notre t\u00e2che \u00e9ducative \u00e9galement en ce qui concerne l&#8217;\u00e9ducation num\u00e9rique et comment nous soutenir mutuellement dans certains choix \u00e0 cet \u00e9gard.&nbsp; L&#8217;utilisation g\u00e9n\u00e9ralis\u00e9e des appareils mobiles, non seulement chez les adultes, mais [&hellip;]<\/p>\n","protected":false},"author":1,"featured_media":3023,"parent":0,"menu_order":0,"comment_status":"closed","ping_status":"closed","template":"","meta":{"footnotes":""},"yoast_head":"<!-- This site is optimized with the Yoast SEO plugin v21.7 - https:\/\/yoast.com\/wordpress\/plugins\/seo\/ -->\n<title>Pactes num\u00e9riques d&#039;Arcore - Patti digitali arcoresi<\/title>\n<meta name=\"robots\" content=\"index, follow, max-snippet:-1, max-image-preview:large, max-video-preview:-1\" \/>\n<link rel=\"canonical\" href=\"https:\/\/pattidigitaliarcoresi.it\/fr\/pactes-numeriques-darcore\/\" \/>\n<meta property=\"og:locale\" content=\"fr_FR\" \/>\n<meta property=\"og:type\" content=\"article\" \/>\n<meta property=\"og:title\" content=\"Pactes num\u00e9riques d&#039;Arcore - Patti digitali arcoresi\" \/>\n<meta property=\"og:description\" content=\"Nous sommes un groupe de parents dont les enfants fr\u00e9quentent l&#8217;Institut Comprehensive d\u2019Arcore. Nous nous sommes demand\u00e9 comment nous pourrions mener \u00e0 bien notre t\u00e2che \u00e9ducative \u00e9galement en ce qui concerne l&#8217;\u00e9ducation num\u00e9rique et comment nous soutenir mutuellement dans certains choix \u00e0 cet \u00e9gard.&nbsp; L&#8217;utilisation g\u00e9n\u00e9ralis\u00e9e des appareils mobiles, non seulement chez les adultes, mais [&hellip;]\" \/>\n<meta property=\"og:url\" content=\"https:\/\/pattidigitaliarcoresi.it\/fr\/pactes-numeriques-darcore\/\" \/>\n<meta property=\"og:site_name\" content=\"Patti digitali arcoresi\" \/>\n<meta property=\"article:modified_time\" content=\"2024-03-15T22:51:33+00:00\" \/>\n<meta property=\"og:image\" content=\"https:\/\/pattidigitaliarcoresi.it\/app\/uploads\/2024\/04\/Immagine-WhatsApp-2024-04-15-ore-09.34.19_2f2ae5ee.jpg\" \/>\n\t<meta property=\"og:image:width\" content=\"2016\" \/>\n\t<meta property=\"og:image:height\" content=\"1512\" \/>\n\t<meta property=\"og:image:type\" content=\"image\/jpeg\" \/>\n<meta name=\"twitter:card\" content=\"summary_large_image\" \/>\n<meta name=\"twitter:label1\" content=\"Est. reading time\" \/>\n\t<meta name=\"twitter:data1\" content=\"5 minutes\" \/>\n<script type=\"application\/ld+json\" class=\"yoast-schema-graph\">{\"@context\":\"https:\/\/schema.org\",\"@graph\":[{\"@type\":\"WebPage\",\"@id\":\"https:\/\/pattidigitaliarcoresi.it\/fr\/pactes-numeriques-darcore\/\",\"url\":\"https:\/\/pattidigitaliarcoresi.it\/fr\/pactes-numeriques-darcore\/\",\"name\":\"Pactes num\u00e9riques d'Arcore - Patti digitali arcoresi\",\"isPartOf\":{\"@id\":\"https:\/\/pattidigitaliarcoresi.it\/#website\"},\"datePublished\":\"2018-01-31T11:11:25+00:00\",\"dateModified\":\"2024-03-15T22:51:33+00:00\",\"breadcrumb\":{\"@id\":\"https:\/\/pattidigitaliarcoresi.it\/fr\/pactes-numeriques-darcore\/#breadcrumb\"},\"inLanguage\":\"fr-FR\",\"potentialAction\":[{\"@type\":\"ReadAction\",\"target\":[\"https:\/\/pattidigitaliarcoresi.it\/fr\/pactes-numeriques-darcore\/\"]}]},{\"@type\":\"BreadcrumbList\",\"@id\":\"https:\/\/pattidigitaliarcoresi.it\/fr\/pactes-numeriques-darcore\/#breadcrumb\",\"itemListElement\":[{\"@type\":\"ListItem\",\"position\":1,\"name\":\"Home\",\"item\":\"https:\/\/pattidigitaliarcoresi.it\/\"},{\"@type\":\"ListItem\",\"position\":2,\"name\":\"Pactes num\u00e9riques d&#8217;Arcore\"}]},{\"@type\":\"WebSite\",\"@id\":\"https:\/\/pattidigitaliarcoresi.it\/#website\",\"url\":\"https:\/\/pattidigitaliarcoresi.it\/\",\"name\":\"Patti digitali arcoresi\",\"description\":\"\",\"publisher\":{\"@id\":\"https:\/\/pattidigitaliarcoresi.it\/#organization\"},\"potentialAction\":[{\"@type\":\"SearchAction\",\"target\":{\"@type\":\"EntryPoint\",\"urlTemplate\":\"https:\/\/pattidigitaliarcoresi.it\/?s={search_term_string}\"},\"query-input\":\"required name=search_term_string\"}],\"inLanguage\":\"fr-FR\"},{\"@type\":\"Organization\",\"@id\":\"https:\/\/pattidigitaliarcoresi.it\/#organization\",\"name\":\"Patti digitali arcoresi\",\"url\":\"https:\/\/pattidigitaliarcoresi.it\/\",\"logo\":{\"@type\":\"ImageObject\",\"inLanguage\":\"fr-FR\",\"@id\":\"https:\/\/pattidigitaliarcoresi.it\/#\/schema\/logo\/image\/\",\"url\":\"https:\/\/pattidigitaliarcoresi.it\/app\/uploads\/2024\/03\/logo-patti-digitali-tmp.jpg\",\"contentUrl\":\"https:\/\/pattidigitaliarcoresi.it\/app\/uploads\/2024\/03\/logo-patti-digitali-tmp.jpg\",\"width\":898,\"height\":898,\"caption\":\"Patti digitali arcoresi\"},\"image\":{\"@id\":\"https:\/\/pattidigitaliarcoresi.it\/#\/schema\/logo\/image\/\"}}]}<\/script>\n<!-- \/ Yoast SEO plugin. -->","yoast_head_json":{"title":"Pactes num\u00e9riques d'Arcore - Patti digitali arcoresi","robots":{"index":"index","follow":"follow","max-snippet":"max-snippet:-1","max-image-preview":"max-image-preview:large","max-video-preview":"max-video-preview:-1"},"canonical":"https:\/\/pattidigitaliarcoresi.it\/fr\/pactes-numeriques-darcore\/","og_locale":"fr_FR","og_type":"article","og_title":"Pactes num\u00e9riques d'Arcore - Patti digitali arcoresi","og_description":"Nous sommes un groupe de parents dont les enfants fr\u00e9quentent l&#8217;Institut Comprehensive d\u2019Arcore. Nous nous sommes demand\u00e9 comment nous pourrions mener \u00e0 bien notre t\u00e2che \u00e9ducative \u00e9galement en ce qui concerne l&#8217;\u00e9ducation num\u00e9rique et comment nous soutenir mutuellement dans certains choix \u00e0 cet \u00e9gard.&nbsp; L&#8217;utilisation g\u00e9n\u00e9ralis\u00e9e des appareils mobiles, non seulement chez les adultes, mais [&hellip;]","og_url":"https:\/\/pattidigitaliarcoresi.it\/fr\/pactes-numeriques-darcore\/","og_site_name":"Patti digitali arcoresi","article_modified_time":"2024-03-15T22:51:33+00:00","og_image":[{"width":2016,"height":1512,"url":"https:\/\/pattidigitaliarcoresi.it\/app\/uploads\/2024\/04\/Immagine-WhatsApp-2024-04-15-ore-09.34.19_2f2ae5ee.jpg","type":"image\/jpeg"}],"twitter_card":"summary_large_image","twitter_misc":{"Est. reading time":"5 minutes"},"schema":{"@context":"https:\/\/schema.org","@graph":[{"@type":"WebPage","@id":"https:\/\/pattidigitaliarcoresi.it\/fr\/pactes-numeriques-darcore\/","url":"https:\/\/pattidigitaliarcoresi.it\/fr\/pactes-numeriques-darcore\/","name":"Pactes num\u00e9riques d'Arcore - Patti digitali arcoresi","isPartOf":{"@id":"https:\/\/pattidigitaliarcoresi.it\/#website"},"datePublished":"2018-01-31T11:11:25+00:00","dateModified":"2024-03-15T22:51:33+00:00","breadcrumb":{"@id":"https:\/\/pattidigitaliarcoresi.it\/fr\/pactes-numeriques-darcore\/#breadcrumb"},"inLanguage":"fr-FR","potentialAction":[{"@type":"ReadAction","target":["https:\/\/pattidigitaliarcoresi.it\/fr\/pactes-numeriques-darcore\/"]}]},{"@type":"BreadcrumbList","@id":"https:\/\/pattidigitaliarcoresi.it\/fr\/pactes-numeriques-darcore\/#breadcrumb","itemListElement":[{"@type":"ListItem","position":1,"name":"Home","item":"https:\/\/pattidigitaliarcoresi.it\/"},{"@type":"ListItem","position":2,"name":"Pactes num\u00e9riques d&#8217;Arcore"}]},{"@type":"WebSite","@id":"https:\/\/pattidigitaliarcoresi.it\/#website","url":"https:\/\/pattidigitaliarcoresi.it\/","name":"Patti digitali arcoresi","description":"","publisher":{"@id":"https:\/\/pattidigitaliarcoresi.it\/#organization"},"potentialAction":[{"@type":"SearchAction","target":{"@type":"EntryPoint","urlTemplate":"https:\/\/pattidigitaliarcoresi.it\/?s={search_term_string}"},"query-input":"required name=search_term_string"}],"inLanguage":"fr-FR"},{"@type":"Organization","@id":"https:\/\/pattidigitaliarcoresi.it\/#organization","name":"Patti digitali arcoresi","url":"https:\/\/pattidigitaliarcoresi.it\/","logo":{"@type":"ImageObject","inLanguage":"fr-FR","@id":"https:\/\/pattidigitaliarcoresi.it\/#\/schema\/logo\/image\/","url":"https:\/\/pattidigitaliarcoresi.it\/app\/uploads\/2024\/03\/logo-patti-digitali-tmp.jpg","contentUrl":"https:\/\/pattidigitaliarcoresi.it\/app\/uploads\/2024\/03\/logo-patti-digitali-tmp.jpg","width":898,"height":898,"caption":"Patti digitali arcoresi"},"image":{"@id":"https:\/\/pattidigitaliarcoresi.it\/#\/schema\/logo\/image\/"}}]}},"_links":{"self":[{"href":"https:\/\/pattidigitaliarcoresi.it\/fr\/wp-json\/wp\/v2\/pages\/2760"}],"collection":[{"href":"https:\/\/pattidigitaliarcoresi.it\/fr\/wp-json\/wp\/v2\/pages"}],"about":[{"href":"https:\/\/pattidigitaliarcoresi.it\/fr\/wp-json\/wp\/v2\/types\/page"}],"author":[{"embeddable":true,"href":"https:\/\/pattidigitaliarcoresi.it\/fr\/wp-json\/wp\/v2\/users\/1"}],"replies":[{"embeddable":true,"href":"https:\/\/pattidigitaliarcoresi.it\/fr\/wp-json\/wp\/v2\/comments?post=2760"}],"version-history":[{"count":6,"href":"https:\/\/pattidigitaliarcoresi.it\/fr\/wp-json\/wp\/v2\/pages\/2760\/revisions"}],"predecessor-version":[{"id":2830,"href":"https:\/\/pattidigitaliarcoresi.it\/fr\/wp-json\/wp\/v2\/pages\/2760\/revisions\/2830"}],"wp:featuredmedia":[{"embeddable":true,"href":"https:\/\/pattidigitaliarcoresi.it\/fr\/wp-json\/wp\/v2\/media\/3023"}],"wp:attachment":[{"href":"https:\/\/pattidigitaliarcoresi.it\/fr\/wp-json\/wp\/v2\/media?parent=2760"}],"curies":[{"name":"wp","href":"https:\/\/api.w.org\/{rel}","templated":true}]}}